{"id":22702,"date":"2026-04-29T20:16:25","date_gmt":"2026-04-29T20:16:25","guid":{"rendered":"https:\/\/mein-haus-in-frankreich.de\/?post_type=property&#038;p=22702"},"modified":"2026-04-29T20:16:27","modified_gmt":"2026-04-29T20:16:27","slug":"propriete-de-caractere-au-pied-du-castellas-320-m%c2%b2-habitables-sur-3-145-m%c2%b2-de-terrain","status":"publish","type":"property","link":"https:\/\/mein-haus-in-frankreich.de\/fr\/Immobilien-Frankreich\/propriete-de-caractere-au-pied-du-castellas-320-m%c2%b2-habitables-sur-3-145-m%c2%b2-de-terrain\/","title":{"rendered":"Propri\u00e9t\u00e9 de caract\u00e8re au pied du Castellas \u2013 320 m\u00b2 habitables sur 3 145 m\u00b2 de terrain"},"content":{"rendered":"<p>En exclusivit\u00e9 au c\u0153ur d\u2019un environnement exceptionnel et au calme absolu, au pied du ch\u00e2teau du Castellas, d\u00e9couvrez cette propri\u00e9t\u00e9 rare charg\u00e9e d\u2019histoire, offrant 320 m\u00b2 habitables et une vue panoramique imprenable.<\/p>\n<p>D\u00e8s l\u2019entr\u00e9e, le charme op\u00e8re\u2026<\/p>\n<p>Une maison de caract\u00e8re (construction 1926)<br \/>\nVous serez s\u00e9duit par son magnifique salon-salle \u00e0 manger en bow-window, baign\u00e9 de lumi\u00e8re, v\u00e9ritable signature architecturale de l\u2019\u00e9poque.<br \/>\nLe rez-de-chauss\u00e9e propose \u00e9galement un bureau, une grande cuisine familiale, ainsi que :<\/p>\n<p>6 chambres<br \/>\n2 salles de bain<br \/>\nWC ind\u00e9pendant<br \/>\nBuanderie<\/p>\n<p>\u00c0 l\u2019\u00e9tage, l\u2019espace nuit se poursuit avec :<\/p>\n<p>3 chambres suppl\u00e9mentaires<br \/>\ndont une suite avec salle de bain et WC<br \/>\n2 chambres avec vue directe sur le Castellas<\/p>\n<p>Un acc\u00e8s vous m\u00e8ne \u00e0 un toit-terrasse panoramique, ainsi qu\u2019\u00e0 des combles am\u00e9nageables, offrant encore un fort potentiel d\u2019agrandissement.<\/p>\n<p>Un ext\u00e9rieur rare et inspirant<br \/>\nImplant\u00e9e sur un terrain arbor\u00e9 de 3 145 m\u00b2, la propri\u00e9t\u00e9 b\u00e9n\u00e9ficie de nombreux atouts :<\/p>\n<p>Acc\u00e8s direct \u00e0 une rivi\u00e8re<br \/>\nJardin paysager et fleuri<br \/>\nPotager<br \/>\nPiscine<br \/>\nPuits d\u2019\u00e9poque fonctionnel avec pompe<\/p>\n<p>Une d\u00e9pendance de 64 m\u00b2 compl\u00e8te l\u2019ensemble, id\u00e9ale pour accueillir famille, amis ou activit\u00e9 locative, comprenant :<\/p>\n<p>Cuisine<br \/>\nSalle d\u2019eau + WC<br \/>\nEspace nuit<br \/>\nTerrasse privative<\/p>\n<p>Des espaces atypiques et authentiques<br \/>\nLe sous-sol r\u00e9v\u00e8le de v\u00e9ritables surprises :<\/p>\n<p>Grand garage avec portail sectionnel<br \/>\nAtelier<br \/>\nDeux caves<br \/>\nAncienne salle des f\u00eates<br \/>\nParfait pour les amateurs de vin, d\u2019histoire ou de projets \u00e9v\u00e9nementiels.<\/p>\n<p>Un bien aux multiples possibilit\u00e9s<br \/>\nCette propri\u00e9t\u00e9 conviendra parfaitement pour :<br \/>\n\u2714 Grande maison familiale<br \/>\n\u2714 Projet de g\u00eetes \/ chambres d\u2019h\u00f4tes<br \/>\n\u2714 R\u00e9sidence secondaire de charme<br \/>\n\u2714 Investissement patrimonial \u00e0 fort potentiel<\/p>\n<p>\u26a0\ufe0f Travaux \u00e0 pr\u00e9voir (potentiel de valorisation important)<\/p>\n<p>Coque piscine \u00e0 reprendre<br \/>\nRafra\u00eechissement global int\u00e9rieur<br \/>\nChauffage au fioul<br \/>\nDouble vitrage partiel (~50%)<br \/>\nToiture r\u00e9vis\u00e9e<\/p>\n<p>\ud83d\udcac Notre avis<br \/>\nUn bien unique sur le secteur, m\u00ealant charme, volumes, histoire et environnement exceptionnel.<br \/>\nAvec quelques travaux, cette propri\u00e9t\u00e9 peut devenir un v\u00e9ritable bijou immobilier<\/p>\n<p>Une visite s&#8217;impose<br \/>\nContactez moi 06 47 00 89 42<br \/>\nPeyremorte Emmanuel<br \/>\nEP Patrimoine EP 139<\/p>\n","protected":false},"excerpt":{"rendered":"<p>En exclusivit\u00e9 au c\u0153ur d\u2019un environnement exceptionnel et au calme absolu, au pied du ch\u00e2teau du Castellas, d\u00e9couvrez cette propri\u00e9t\u00e9 rare charg\u00e9e d\u2019histoire, offrant 320 m\u00b2 habitables et une vue panoramique imprenable. D\u00e8s l\u2019entr\u00e9e, le charme op\u00e8re\u2026 Une maison de caract\u00e8re (construction 1926) Vous serez s\u00e9duit par son magnifique salon-salle \u00e0 manger en bow-window, baign\u00e9 [&hellip;]<\/p>\n","protected":false},"author":465,"featured_media":22676,"parent":0,"menu_order":0,"template":"","property_type":[123],"property_status":[122],"property_feature":[],"property_label":[135],"property_country":[125],"property_state":[130],"property_city":[290],"class_list":["post-22702","property","type-property","status-publish","has-post-thumbnail","hentry","property_type-maison","property_status-a-vendre","property_label-exclusif","property_country-france-fr-2","property_state-gard-fr","property_city-saint-victor-la-coste"],"property_meta":{"rank_math_internal_links_processed":["1"],"_alp_processed":["1777493787"],"fave_property_bathrooms":["3"],"fave_property_bedrooms":["9"],"fave_property_rooms":["13"],"fave_property_size":["320"],"fave_property_size_prefix":["m\u00b2"],"fave_property_land":["3145"],"fave_property_land_postfix":["m\u00b2"],"fave_property_garage":["1"],"fave_property_garage_size":["25"],"fave_property_year":["1926"],"fave_property_price":["670000"],"fave_show_price_placeholder":["0"],"fave_featured":["0"],"houzez_featured_listing_date":[""],"fave_property_zip":["30290"],"fave_property_map_address":["5, Rue de la Combe, Saint-Victor-la-Coste, N\u00eemes, Gard, Occitanie, France m\u00e9tropolitaine, 30290, France"],"fave_property_address":["5, Rue de la Combe, Saint-Victor-la-Coste, N\u00eemes, Gard, Occitanie, France m\u00e9tropolitaine, 30290, France"],"houzez_geolocation_lat":["44.0603047"],"houzez_geolocation_long":["4.6379097"],"fave_property_location":["44.0603047,4.6379097,0"],"fave_property_map":["1"],"fave_property_map_street_view":["hide"],"fave_property_id":["https:\/\/ep-invest.fr\/fr\/propriete\/vente+maison+saint-victor-la-coste+propriete-de-caractere-au-pied-du-castellas-320-m-habitables-sur-3-145-m-de-terrain+86839238"],"fave_private_note":["projet pour gite chambres d'hotes ou grande famille avec remise au gout du jour \u00e0 pr\u00e9voir plus changement coque piscine plus chauffage ( entre 100 et 200k euros de travaux je pense )"],"fave_energy_class":["E"],"fave_energy_global_index":["195,8"],"fave_payment_status":["not_paid"],"fave_agent_display_option":["agent_info"],"fave_mortgage_cal":["0"],"_wpml_word_count":["{\"total\":449,\"to_translate\":{\"de\":449}}"],"_thumbnail_id":["22676"],"fave_agents":["22611"],"_edit_lock":["1777493993:1"],"rank_math_seo_score":["4"],"_edit_last":["1"],"fave_property_images":["22676","22678","22680","22682","22684","22686","22688","22690","22696","22698"],"fave_attachments":["22700"],"fave_single_top_area":["global"],"fave_single_content_area":["global"],"houzez_manual_expire":["0"],"_houzez_expiration_date_status":["saved"],"rank_math_analytic_object_id":["344"],"_wpml_media_duplicate":["1"],"_wpml_media_featured":["1"],"houzez_total_property_views":["5"],"houzez_views_by_date":["a:1:{s:10:\"04-30-2026\";i:5;}"],"houzez_recently_viewed":["2026-04-30 13:25:36"]},"_links":{"self":[{"href":"https:\/\/mein-haus-in-frankreich.de\/fr\/wp-json\/wp\/v2\/properties\/22702","targetHints":{"allow":["GET"]}}],"collection":[{"href":"https:\/\/mein-haus-in-frankreich.de\/fr\/wp-json\/wp\/v2\/properties"}],"about":[{"href":"https:\/\/mein-haus-in-frankreich.de\/fr\/wp-json\/wp\/v2\/types\/property"}],"author":[{"embeddable":true,"href":"https:\/\/mein-haus-in-frankreich.de\/fr\/wp-json\/wp\/v2\/users\/465"}],"version-history":[{"count":1,"href":"https:\/\/mein-haus-in-frankreich.de\/fr\/wp-json\/wp\/v2\/properties\/22702\/revisions"}],"predecessor-version":[{"id":22703,"href":"https:\/\/mein-haus-in-frankreich.de\/fr\/wp-json\/wp\/v2\/properties\/22702\/revisions\/22703"}],"wp:featuredmedia":[{"embeddable":true,"href":"https:\/\/mein-haus-in-frankreich.de\/fr\/wp-json\/wp\/v2\/media\/22676"}],"wp:attachment":[{"href":"https:\/\/mein-haus-in-frankreich.de\/fr\/wp-json\/wp\/v2\/media?parent=22702"}],"wp:term":[{"taxonomy":"property_type","embeddable":true,"href":"https:\/\/mein-haus-in-frankreich.de\/fr\/wp-json\/wp\/v2\/property_type?post=22702"},{"taxonomy":"property_status","embeddable":true,"href":"https:\/\/mein-haus-in-frankreich.de\/fr\/wp-json\/wp\/v2\/property_status?post=22702"},{"taxonomy":"property_feature","embeddable":true,"href":"https:\/\/mein-haus-in-frankreich.de\/fr\/wp-json\/wp\/v2\/property_feature?post=22702"},{"taxonomy":"property_label","embeddable":true,"href":"https:\/\/mein-haus-in-frankreich.de\/fr\/wp-json\/wp\/v2\/property_label?post=22702"},{"taxonomy":"property_country","embeddable":true,"href":"https:\/\/mein-haus-in-frankreich.de\/fr\/wp-json\/wp\/v2\/property_country?post=22702"},{"taxonomy":"property_state","embeddable":true,"href":"https:\/\/mein-haus-in-frankreich.de\/fr\/wp-json\/wp\/v2\/property_state?post=22702"},{"taxonomy":"property_city","embeddable":true,"href":"https:\/\/mein-haus-in-frankreich.de\/fr\/wp-json\/wp\/v2\/property_city?post=22702"}],"curies":[{"name":"wp","href":"https:\/\/api.w.org\/{rel}","templated":true}]}}