{"id":22710,"date":"2026-04-29T20:23:38","date_gmt":"2026-04-29T20:23:38","guid":{"rendered":"https:\/\/mein-haus-in-frankreich.de\/?post_type=property&#038;p=22710"},"modified":"2026-04-29T20:23:40","modified_gmt":"2026-04-29T20:23:40","slug":"exclusivite-roquebrune-cap-martin-villa-maison-bord-de-mer","status":"publish","type":"property","link":"https:\/\/mein-haus-in-frankreich.de\/fr\/Immobilien-Frankreich\/exclusivite-roquebrune-cap-martin-villa-maison-bord-de-mer\/","title":{"rendered":"EXCLUSIVIT\u00c9 \u2013 ROQUEBRUNE-CAP-MARTIN VILLA\/MAISON BORD DE MER"},"content":{"rendered":"<p>Id\u00e9alement situ\u00e9e \u00e0 quelques pas du bord de mer et des commodit\u00e9s, cette propri\u00e9t\u00e9 offre un fort potentiel dans un secteur recherch\u00e9 de Roquebrune-Cap-Martin.<\/p>\n<p>\u00c9difi\u00e9 sur un terrain de 472 m\u00b2, l\u2019ensemble permet d\u2019envisager diff\u00e9rents projets d\u2019am\u00e9nagement selon les besoins.<br \/>\nLa propri\u00e9t\u00e9 est vendue en l\u2019\u00e9tat, le prix correspondant \u00e0 sa situation actuelle.<\/p>\n<p>Une d\u00e9claration pr\u00e9alable de travaux a \u00e9t\u00e9 accord\u00e9e pour des travaux de r\u00e9novation du b\u00e2ti existant, offrant des perspectives int\u00e9ressantes d\u2019am\u00e9nagement.<\/p>\n<p>L\u2019ensemble, d&#8217;une surface habitable de 211,20 m\u00b2, comprend :<br \/>\n1\u00b0 Une maison principale sur deux niveaux, d&#8217;une surface habitable de 139,60 m\u00b2, compos\u00e9e de :<br \/>\n\u2013 au rez-de-chauss\u00e9e : une pi\u00e8ce de vie, une buanderie, une entr\u00e9e, des rangements, un d\u00e9gagement et un WC<br \/>\n\u2013 au premier \u00e9tage : un d\u00e9gagement, trois chambres, deux dressings, un bureau ainsi que deux salles de bains<\/p>\n<p>2\u00b0 Un logement ind\u00e9pendant (rez-de-chauss\u00e9e) d&#8217;une surface habitable de 45 m\u00b2, compos\u00e9 de :<br \/>\nune pi\u00e8ce de vie, un d\u00e9gagement, un WC, une chambre et une salle de bains<\/p>\n<p>3\u00b0 Un second logement ind\u00e9pendant (rez-de-chauss\u00e9e) d&#8217;une surface habitable de 26,60 m\u00b2, compos\u00e9 de :<br \/>\nune pi\u00e8ce de vie, une chambre, une salle de bains ainsi que des rangements<\/p>\n<p>Dossier complet disponible sur demande.<\/p>\n","protected":false},"excerpt":{"rendered":"<p>Id\u00e9alement situ\u00e9e \u00e0 quelques pas du bord de mer et des commodit\u00e9s, cette propri\u00e9t\u00e9 offre un fort potentiel dans un secteur recherch\u00e9 de Roquebrune-Cap-Martin. \u00c9difi\u00e9 sur un terrain de 472 m\u00b2, l\u2019ensemble permet d\u2019envisager diff\u00e9rents projets d\u2019am\u00e9nagement selon les besoins. La propri\u00e9t\u00e9 est vendue en l\u2019\u00e9tat, le prix correspondant \u00e0 sa situation actuelle. Une d\u00e9claration [&hellip;]<\/p>\n","protected":false},"author":473,"featured_media":22708,"parent":0,"menu_order":0,"template":"","property_type":[182],"property_status":[122],"property_feature":[],"property_label":[135],"property_country":[125],"property_state":[292],"property_city":[291],"class_list":["post-22710","property","type-property","status-publish","has-post-thumbnail","hentry","property_type-villa-fr","property_status-a-vendre","property_label-exclusif","property_country-france-fr-2","property_state-292","property_city-roquebrune-cap-martin"],"property_meta":{"rank_math_internal_links_processed":["1"],"_alp_processed":["1777494221"],"fave_property_bathrooms":["3"],"fave_property_bedrooms":["3"],"fave_property_rooms":["6"],"fave_property_size":["211"],"fave_property_size_prefix":["m\u00b2"],"fave_property_land":["472"],"fave_property_land_postfix":["m\u00b2"],"fave_property_year":["2023"],"fave_property_price":["1650000"],"fave_show_price_placeholder":["0"],"fave_featured":["0"],"houzez_featured_listing_date":[""],"_thumbnail_id":["22708"],"houzez_geolocation_lat":["0"],"houzez_geolocation_long":["0"],"fave_property_location":["0,0,0"],"fave_property_map":["1"],"fave_property_map_street_view":["hide"],"fave_property_id":["R\u00c9F. 4502"],"fave_energy_class":["C"],"fave_payment_status":["not_paid"],"fave_agent_display_option":["agent_info"],"fave_agents":["22704"],"fave_mortgage_cal":["0"],"_wpml_word_count":["{\"total\":245,\"to_translate\":{\"de\":245}}"],"houzez_total_property_views":["5"],"houzez_views_by_date":["a:2:{s:10:\"04-29-2026\";i:1;s:10:\"04-30-2026\";i:4;}"],"houzez_recently_viewed":["2026-04-30 13:19:48"],"_edit_lock":["1777494303:1"],"rank_math_seo_score":["3"],"_edit_last":["1"],"fave_property_images":["22709"],"fave_single_top_area":["global"],"fave_single_content_area":["global"],"_wpml_media_has_media":["1"],"houzez_manual_expire":["0"],"_houzez_expiration_date_status":["saved"],"rank_math_analytic_object_id":["345"],"_wpml_media_duplicate":["1"],"_wpml_media_featured":["1"]},"_links":{"self":[{"href":"https:\/\/mein-haus-in-frankreich.de\/fr\/wp-json\/wp\/v2\/properties\/22710","targetHints":{"allow":["GET"]}}],"collection":[{"href":"https:\/\/mein-haus-in-frankreich.de\/fr\/wp-json\/wp\/v2\/properties"}],"about":[{"href":"https:\/\/mein-haus-in-frankreich.de\/fr\/wp-json\/wp\/v2\/types\/property"}],"author":[{"embeddable":true,"href":"https:\/\/mein-haus-in-frankreich.de\/fr\/wp-json\/wp\/v2\/users\/473"}],"version-history":[{"count":1,"href":"https:\/\/mein-haus-in-frankreich.de\/fr\/wp-json\/wp\/v2\/properties\/22710\/revisions"}],"predecessor-version":[{"id":22782,"href":"https:\/\/mein-haus-in-frankreich.de\/fr\/wp-json\/wp\/v2\/properties\/22710\/revisions\/22782"}],"wp:featuredmedia":[{"embeddable":true,"href":"https:\/\/mein-haus-in-frankreich.de\/fr\/wp-json\/wp\/v2\/media\/22708"}],"wp:attachment":[{"href":"https:\/\/mein-haus-in-frankreich.de\/fr\/wp-json\/wp\/v2\/media?parent=22710"}],"wp:term":[{"taxonomy":"property_type","embeddable":true,"href":"https:\/\/mein-haus-in-frankreich.de\/fr\/wp-json\/wp\/v2\/property_type?post=22710"},{"taxonomy":"property_status","embeddable":true,"href":"https:\/\/mein-haus-in-frankreich.de\/fr\/wp-json\/wp\/v2\/property_status?post=22710"},{"taxonomy":"property_feature","embeddable":true,"href":"https:\/\/mein-haus-in-frankreich.de\/fr\/wp-json\/wp\/v2\/property_feature?post=22710"},{"taxonomy":"property_label","embeddable":true,"href":"https:\/\/mein-haus-in-frankreich.de\/fr\/wp-json\/wp\/v2\/property_label?post=22710"},{"taxonomy":"property_country","embeddable":true,"href":"https:\/\/mein-haus-in-frankreich.de\/fr\/wp-json\/wp\/v2\/property_country?post=22710"},{"taxonomy":"property_state","embeddable":true,"href":"https:\/\/mein-haus-in-frankreich.de\/fr\/wp-json\/wp\/v2\/property_state?post=22710"},{"taxonomy":"property_city","embeddable":true,"href":"https:\/\/mein-haus-in-frankreich.de\/fr\/wp-json\/wp\/v2\/property_city?post=22710"}],"curies":[{"name":"wp","href":"https:\/\/api.w.org\/{rel}","templated":true}]}}