{"id":22727,"date":"2026-04-29T21:08:51","date_gmt":"2026-04-29T21:08:51","guid":{"rendered":"https:\/\/mein-haus-in-frankreich.de\/?post_type=property&#038;p=22727"},"modified":"2026-04-29T21:08:54","modified_gmt":"2026-04-29T21:08:54","slug":"villa-de-luxe-contemporaine-vue-mer-panoramique-proche-monaco-terrasses-et-piscine","status":"publish","type":"property","link":"https:\/\/mein-haus-in-frankreich.de\/fr\/Immobilien-Frankreich\/villa-de-luxe-contemporaine-vue-mer-panoramique-proche-monaco-terrasses-et-piscine\/","title":{"rendered":"VILLA DE LUXE CONTEMPORAINE VUE MER PANORAMIQUE \u2013 PROCHE MONACO \u2013 TERRASSES ET PISCINE"},"content":{"rendered":"<p>\u00c0 quelques minutes de la Principaut\u00e9 de Monaco, en position dominante et privil\u00e9gi\u00e9e, cette villa contemporaine d\u2019inspiration californienne b\u00e9n\u00e9ficie d\u2019une vue panoramique exceptionnelle sur la mer, Monaco et le Cap de Roquebrune.<br \/>\nLa propri\u00e9t\u00e9 \u00e9tant mitoyenne d\u2019un cot\u00e9, elle s\u00e9duit par ses volumes g\u00e9n\u00e9reux, sa luminosit\u00e9 remarquable et ses larges baies vitr\u00e9es offrant une ouverture totale sur l\u2019ext\u00e9rieur et un panorama \u00e0 couper le souffle.<br \/>\nR\u00e9alis\u00e9e avec des mat\u00e9riaux de haute qualit\u00e9 et des prestations de prestige, la villa d\u00e9veloppe plus de 200 m\u00b2 habitables et propose des espaces de vie modernes et confortables, incluant un vaste s\u00e9jour avec cuisine ouverte et espace bureau, ainsi que trois chambres.<br \/>\nLes ext\u00e9rieurs, parfaitement am\u00e9nag\u00e9s, offrent un cadre de vie rare : trois grandes terrasses, dont une d\u2019environ 60 m\u00b2, une piscine priv\u00e9e, un solarium, une cuisine d\u2019\u00e9t\u00e9 avec barbecue, ainsi qu\u2019un jardin paysager agr\u00e9ment\u00e9 de pergolas.<br \/>\nL\u2019ensemble profite d\u2019une exposition sud-ouest id\u00e9ale et de plus de 130 m\u00e8tres lin\u00e9aires de vues d\u00e9gag\u00e9es sur la mer et la Riviera.<br \/>\nLa propri\u00e9t\u00e9 dispose \u00e9galement de la climatisation, de volets roulants \u00e9lectriques, d\u2019un ascenseur priv\u00e9 et un garage avec 5 places de stationnements.<br \/>\nEnti\u00e8rement r\u00e9nov\u00e9e r\u00e9cemment, la villa constitue un bien rare sur le march\u00e9, alliant emplacement strat\u00e9gique, prestations haut de gamme et cadre de vie exceptionnel.<\/p>\n","protected":false},"excerpt":{"rendered":"<p>\u00c0 quelques minutes de la Principaut\u00e9 de Monaco, en position dominante et privil\u00e9gi\u00e9e, cette villa contemporaine d\u2019inspiration californienne b\u00e9n\u00e9ficie d\u2019une vue panoramique exceptionnelle sur la mer, Monaco et le Cap de Roquebrune. La propri\u00e9t\u00e9 \u00e9tant mitoyenne d\u2019un cot\u00e9, elle s\u00e9duit par ses volumes g\u00e9n\u00e9reux, sa luminosit\u00e9 remarquable et ses larges baies vitr\u00e9es offrant une ouverture [&hellip;]<\/p>\n","protected":false},"author":473,"featured_media":22725,"parent":0,"menu_order":0,"template":"","property_type":[123,182],"property_status":[122],"property_feature":[],"property_label":[135],"property_country":[125],"property_state":[292],"property_city":[291],"class_list":["post-22727","property","type-property","status-publish","has-post-thumbnail","hentry","property_type-maison","property_type-villa-fr","property_status-a-vendre","property_label-exclusif","property_country-france-fr-2","property_state-292","property_city-roquebrune-cap-martin"],"property_meta":{"rank_math_internal_links_processed":["1"],"_alp_processed":["1777496934"],"fave_property_bathrooms":["2"],"fave_property_bedrooms":["3"],"fave_property_rooms":["4"],"fave_property_size":["200"],"fave_property_size_prefix":["m\u00b2"],"fave_property_land_postfix":["m\u00b2"],"fave_property_garage":["1"],"fave_property_year":["2015"],"fave_property_price":["3600000"],"fave_show_price_placeholder":["0"],"fave_featured":["0"],"houzez_featured_listing_date":[""],"_thumbnail_id":["22725"],"houzez_geolocation_lat":["0"],"houzez_geolocation_long":["0"],"fave_property_location":["0,0,0"],"fave_property_map":["1"],"fave_property_map_street_view":["hide"],"fave_property_id":["R\u00c9F. 4512"],"fave_energy_class":["C"],"fave_payment_status":["not_paid"],"fave_agent_display_option":["agent_info"],"fave_agents":["22704"],"fave_mortgage_cal":["0"],"_wpml_word_count":["{\"total\":255,\"to_translate\":{\"de\":255}}"],"_edit_lock":["1777496944:1"],"rank_math_seo_score":["3"],"_edit_last":["1"],"fave_single_top_area":["global"],"fave_single_content_area":["global"],"_wpml_media_has_media":["1"],"houzez_manual_expire":["0"],"_houzez_expiration_date_status":["saved"],"_wpml_media_duplicate":["1"],"_wpml_media_featured":["1"],"fave_property_images":["22725","22713","22723","22721","22719","22715","22717"],"rank_math_analytic_object_id":["353"],"houzez_total_property_views":["5"],"houzez_views_by_date":["a:1:{s:10:\"04-30-2026\";i:5;}"],"houzez_recently_viewed":["2026-04-30 13:46:43"]},"_links":{"self":[{"href":"https:\/\/mein-haus-in-frankreich.de\/fr\/wp-json\/wp\/v2\/properties\/22727","targetHints":{"allow":["GET"]}}],"collection":[{"href":"https:\/\/mein-haus-in-frankreich.de\/fr\/wp-json\/wp\/v2\/properties"}],"about":[{"href":"https:\/\/mein-haus-in-frankreich.de\/fr\/wp-json\/wp\/v2\/types\/property"}],"author":[{"embeddable":true,"href":"https:\/\/mein-haus-in-frankreich.de\/fr\/wp-json\/wp\/v2\/users\/473"}],"version-history":[{"count":1,"href":"https:\/\/mein-haus-in-frankreich.de\/fr\/wp-json\/wp\/v2\/properties\/22727\/revisions"}],"predecessor-version":[{"id":22799,"href":"https:\/\/mein-haus-in-frankreich.de\/fr\/wp-json\/wp\/v2\/properties\/22727\/revisions\/22799"}],"wp:featuredmedia":[{"embeddable":true,"href":"https:\/\/mein-haus-in-frankreich.de\/fr\/wp-json\/wp\/v2\/media\/22725"}],"wp:attachment":[{"href":"https:\/\/mein-haus-in-frankreich.de\/fr\/wp-json\/wp\/v2\/media?parent=22727"}],"wp:term":[{"taxonomy":"property_type","embeddable":true,"href":"https:\/\/mein-haus-in-frankreich.de\/fr\/wp-json\/wp\/v2\/property_type?post=22727"},{"taxonomy":"property_status","embeddable":true,"href":"https:\/\/mein-haus-in-frankreich.de\/fr\/wp-json\/wp\/v2\/property_status?post=22727"},{"taxonomy":"property_feature","embeddable":true,"href":"https:\/\/mein-haus-in-frankreich.de\/fr\/wp-json\/wp\/v2\/property_feature?post=22727"},{"taxonomy":"property_label","embeddable":true,"href":"https:\/\/mein-haus-in-frankreich.de\/fr\/wp-json\/wp\/v2\/property_label?post=22727"},{"taxonomy":"property_country","embeddable":true,"href":"https:\/\/mein-haus-in-frankreich.de\/fr\/wp-json\/wp\/v2\/property_country?post=22727"},{"taxonomy":"property_state","embeddable":true,"href":"https:\/\/mein-haus-in-frankreich.de\/fr\/wp-json\/wp\/v2\/property_state?post=22727"},{"taxonomy":"property_city","embeddable":true,"href":"https:\/\/mein-haus-in-frankreich.de\/fr\/wp-json\/wp\/v2\/property_city?post=22727"}],"curies":[{"name":"wp","href":"https:\/\/api.w.org\/{rel}","templated":true}]}}