{"id":22752,"date":"2026-04-29T21:01:27","date_gmt":"2026-04-29T21:01:27","guid":{"rendered":"https:\/\/mein-haus-in-frankreich.de\/?post_type=property&#038;p=22752"},"modified":"2026-04-29T21:01:29","modified_gmt":"2026-04-29T21:01:29","slug":"menton-boulevard-de-garavan-vente-villa-avec-vue-mer-panoramique","status":"publish","type":"property","link":"https:\/\/mein-haus-in-frankreich.de\/fr\/Immobilien-Frankreich\/menton-boulevard-de-garavan-vente-villa-avec-vue-mer-panoramique\/","title":{"rendered":"MENTON BOULEVARD DE GARAVAN \u2013 Vente Villa avec Vue Mer Panoramique"},"content":{"rendered":"<p>Belle opportunit\u00e9 ! Nous vous proposons \u00e0 la vente une villa pleine de charme, situ\u00e9e sur deux niveaux, offrant une superficie habitable d\u2019environ 120 m\u00b2 et un jardin paysager de 600 m\u00b2.<\/p>\n<p>\u00c0 quelques pas du centre-ville, dans le prestigieux quartier r\u00e9sidentiel de Garavan, cette propri\u00e9t\u00e9 est un v\u00e9ritable havre de paix. Chaque pi\u00e8ce offre une vue spectaculaire sur la mer, o\u00f9 vous pourrez admirer le lever du soleil sur les collines environnantes.<\/p>\n<p>Depuis ce cadre de verdure, calme et pr\u00e9serv\u00e9 des regards, profitez d\u2019une vue panoramique \u00e0 couper le souffle sur la baie de Menton, s\u2019\u00e9tendant de la Vieille-Ville jusqu\u2019\u00e0 Bordighera sur la c\u00f4te italienne.<\/p>\n<p>Un garage au rez-de-chauss\u00e9e compl\u00e8te ce bien.<\/p>\n<p>DPE classe d\u2019\u00e9nergie : E.<br \/>\nHonoraires d\u2019agence inclus, \u00e0 la charge du vendeur.<br \/>\nLes informations sur les risques auxquels ce bien est expos\u00e9 sont disponibles sur le site G\u00e9orisques : georisques.gouv.fr.<\/p>\n<p>Ne tardez pas \u00e0 nous contacter pour organiser une visite !<\/p>\n","protected":false},"excerpt":{"rendered":"<p>Belle opportunit\u00e9 ! Nous vous proposons \u00e0 la vente une villa pleine de charme, situ\u00e9e sur deux niveaux, offrant une superficie habitable d\u2019environ 120 m\u00b2 et un jardin paysager de 600 m\u00b2. \u00c0 quelques pas du centre-ville, dans le prestigieux quartier r\u00e9sidentiel de Garavan, cette propri\u00e9t\u00e9 est un v\u00e9ritable havre de paix. Chaque pi\u00e8ce offre [&hellip;]<\/p>\n","protected":false},"author":473,"featured_media":22738,"parent":0,"menu_order":0,"template":"","property_type":[182],"property_status":[122],"property_feature":[],"property_label":[135],"property_country":[125],"property_state":[292],"property_city":[294],"class_list":["post-22752","property","type-property","status-publish","has-post-thumbnail","hentry","property_type-villa-fr","property_status-a-vendre","property_label-exclusif","property_country-france-fr-2","property_state-292","property_city-menton"],"property_meta":{"rank_math_internal_links_processed":["1"],"_alp_processed":["1777496490"],"fave_property_bathrooms":["2"],"fave_property_bedrooms":["3"],"fave_property_rooms":["6"],"fave_property_size":["118"],"fave_property_size_prefix":["m\u00b2"],"fave_property_land_postfix":["m\u00b2"],"fave_property_garage":["1"],"fave_property_garage_size":["19"],"fave_property_year":["1930"],"fave_property_price":["1380000"],"fave_show_price_placeholder":["0"],"fave_featured":["0"],"houzez_featured_listing_date":[""],"_thumbnail_id":["22738"],"houzez_geolocation_lat":["0"],"houzez_geolocation_long":["0"],"fave_property_location":["0,0,0"],"fave_property_map":["1"],"fave_property_map_street_view":["hide"],"fave_property_id":["R\u00c9F. 4430"],"fave_energy_class":["E"],"fave_payment_status":["not_paid"],"fave_agent_display_option":["agent_info"],"fave_agents":["22704"],"fave_mortgage_cal":["0"],"_wpml_word_count":["{\"total\":196,\"to_translate\":{\"de\":196}}"],"_edit_lock":["1777496491:1"],"rank_math_seo_score":["3"],"_edit_last":["1"],"fave_property_images":["22738","22746","22750","22740","22742","22744","22748"],"fave_single_top_area":["global"],"fave_single_content_area":["global"],"_wpml_media_has_media":["1"],"houzez_manual_expire":["0"],"_houzez_expiration_date_status":["saved"],"rank_math_analytic_object_id":["351"],"_wpml_media_duplicate":["1"],"_wpml_media_featured":["1"],"houzez_total_property_views":["3"],"houzez_views_by_date":["a:1:{s:10:\"04-30-2026\";i:3;}"],"houzez_recently_viewed":["2026-04-30 13:30:56"]},"_links":{"self":[{"href":"https:\/\/mein-haus-in-frankreich.de\/fr\/wp-json\/wp\/v2\/properties\/22752","targetHints":{"allow":["GET"]}}],"collection":[{"href":"https:\/\/mein-haus-in-frankreich.de\/fr\/wp-json\/wp\/v2\/properties"}],"about":[{"href":"https:\/\/mein-haus-in-frankreich.de\/fr\/wp-json\/wp\/v2\/types\/property"}],"author":[{"embeddable":true,"href":"https:\/\/mein-haus-in-frankreich.de\/fr\/wp-json\/wp\/v2\/users\/473"}],"version-history":[{"count":1,"href":"https:\/\/mein-haus-in-frankreich.de\/fr\/wp-json\/wp\/v2\/properties\/22752\/revisions"}],"predecessor-version":[{"id":22797,"href":"https:\/\/mein-haus-in-frankreich.de\/fr\/wp-json\/wp\/v2\/properties\/22752\/revisions\/22797"}],"wp:featuredmedia":[{"embeddable":true,"href":"https:\/\/mein-haus-in-frankreich.de\/fr\/wp-json\/wp\/v2\/media\/22738"}],"wp:attachment":[{"href":"https:\/\/mein-haus-in-frankreich.de\/fr\/wp-json\/wp\/v2\/media?parent=22752"}],"wp:term":[{"taxonomy":"property_type","embeddable":true,"href":"https:\/\/mein-haus-in-frankreich.de\/fr\/wp-json\/wp\/v2\/property_type?post=22752"},{"taxonomy":"property_status","embeddable":true,"href":"https:\/\/mein-haus-in-frankreich.de\/fr\/wp-json\/wp\/v2\/property_status?post=22752"},{"taxonomy":"property_feature","embeddable":true,"href":"https:\/\/mein-haus-in-frankreich.de\/fr\/wp-json\/wp\/v2\/property_feature?post=22752"},{"taxonomy":"property_label","embeddable":true,"href":"https:\/\/mein-haus-in-frankreich.de\/fr\/wp-json\/wp\/v2\/property_label?post=22752"},{"taxonomy":"property_country","embeddable":true,"href":"https:\/\/mein-haus-in-frankreich.de\/fr\/wp-json\/wp\/v2\/property_country?post=22752"},{"taxonomy":"property_state","embeddable":true,"href":"https:\/\/mein-haus-in-frankreich.de\/fr\/wp-json\/wp\/v2\/property_state?post=22752"},{"taxonomy":"property_city","embeddable":true,"href":"https:\/\/mein-haus-in-frankreich.de\/fr\/wp-json\/wp\/v2\/property_city?post=22752"}],"curies":[{"name":"wp","href":"https:\/\/api.w.org\/{rel}","templated":true}]}}