{"id":22767,"date":"2026-04-29T20:52:41","date_gmt":"2026-04-29T20:52:41","guid":{"rendered":"https:\/\/mein-haus-in-frankreich.de\/?post_type=property&#038;p=22767"},"modified":"2026-04-29T20:52:44","modified_gmt":"2026-04-29T20:52:44","slug":"maison-la-turbie-propriete-de-charme-en-pierre-adresse-confidentielle-aux-portes-de-monaco","status":"publish","type":"property","link":"https:\/\/mein-haus-in-frankreich.de\/fr\/Immobilien-Frankreich\/maison-la-turbie-propriete-de-charme-en-pierre-adresse-confidentielle-aux-portes-de-monaco\/","title":{"rendered":"MAISON LA TURBIE \u2013 PROPRI\u00c9T\u00c9 DE CHARME EN PIERRE, ADRESSE CONFIDENTIELLE AUX PORTES DE MONACO"},"content":{"rendered":"<p>\u00c0 seulement quelques minutes de Monaco, au c\u0153ur du village historique de La Turbie, cette \u00e9l\u00e9gante maison en pierre incarne tout le charme et l\u2019authenticit\u00e9 de l\u2019arri\u00e8re-pays, dans un cadre \u00e0 la fois pr\u00e9serv\u00e9 et privil\u00e9gi\u00e9.<br \/>\nEnti\u00e8rement r\u00e9nov\u00e9e avec soin, la propri\u00e9t\u00e9 offre une atmosph\u00e8re raffin\u00e9e o\u00f9 chaque d\u00e9tail a \u00e9t\u00e9 pens\u00e9 pour allier caract\u00e8re et confort. Une attention particuli\u00e8re a \u00e9t\u00e9 port\u00e9e au choix des mat\u00e9riaux, avec l\u2019utilisation de peintures biologiques et d\u2019enduits respirants sp\u00e9cialement adapt\u00e9s \u00e0 la pierre, assurant un cadre de vie sain tout en pr\u00e9servant l\u2019authenticit\u00e9 du b\u00e2ti. R\u00e9partie sur trois niveaux, elle d\u00e9voile des espaces de vie chaleureux, une cuisine ind\u00e9pendante ainsi que quatre chambres, offrant un cadre id\u00e9al pour recevoir en toute intimit\u00e9.<br \/>\n\u00c0 l\u2019abri des regards, le jardin d\u2019environ 291 m\u00b2 prolonge harmonieusement les volumes int\u00e9rieurs et invite \u00e0 la d\u00e9tente dans une ambiance typiquement m\u00e9diterran\u00e9enne, avec vue d\u00e9gag\u00e9e et espaces de convivialit\u00e9, dont un terrain de p\u00e9tanque.<br \/>\nBaign\u00e9e de lumi\u00e8re gr\u00e2ce \u00e0 son exposition Ouest, cette maison offre une qualit\u00e9 de vie rare, entre qui\u00e9tude et proximit\u00e9 imm\u00e9diate des commodit\u00e9s.<br \/>\nUne adresse confidentielle, un bien de caract\u00e8re, parfaitement adapt\u00e9 \u00e0 une client\u00e8le mon\u00e9gasque en qu\u00eate d\u2019un pied-\u00e0-terre \u00e9l\u00e9gant pour s\u2019\u00e9vader le temps d\u2019un week-end, \u00e0 quelques minutes seulement de l\u2019effervescence de la Principaut\u00e9.<br \/>\nCave vo\u00fbt\u00e9e offrant un fort potentiel d\u2019am\u00e9nagement en studio ind\u00e9pendant et garage inclus.<\/p>\n","protected":false},"excerpt":{"rendered":"<p>\u00c0 seulement quelques minutes de Monaco, au c\u0153ur du village historique de La Turbie, cette \u00e9l\u00e9gante maison en pierre incarne tout le charme et l\u2019authenticit\u00e9 de l\u2019arri\u00e8re-pays, dans un cadre \u00e0 la fois pr\u00e9serv\u00e9 et privil\u00e9gi\u00e9. Enti\u00e8rement r\u00e9nov\u00e9e avec soin, la propri\u00e9t\u00e9 offre une atmosph\u00e8re raffin\u00e9e o\u00f9 chaque d\u00e9tail a \u00e9t\u00e9 pens\u00e9 pour allier caract\u00e8re [&hellip;]<\/p>\n","protected":false},"author":473,"featured_media":22765,"parent":0,"menu_order":0,"template":"","property_type":[123,182],"property_status":[122],"property_feature":[],"property_label":[135],"property_country":[125],"property_state":[292],"property_city":[291],"class_list":["post-22767","property","type-property","status-publish","has-post-thumbnail","hentry","property_type-maison","property_type-villa-fr","property_status-a-vendre","property_label-exclusif","property_country-france-fr-2","property_state-292","property_city-roquebrune-cap-martin"],"property_meta":{"rank_math_internal_links_processed":["1"],"_alp_processed":["1777495964"],"fave_property_bathrooms":["2"],"fave_property_bedrooms":["4"],"fave_property_rooms":["6"],"fave_property_size":["98"],"fave_property_size_prefix":["m\u00b2"],"fave_property_land":["291"],"fave_property_land_postfix":["m\u00b2"],"fave_property_garage":["1"],"fave_property_year":["1800"],"fave_property_price":["890000"],"fave_show_price_placeholder":["0"],"fave_featured":["0"],"houzez_featured_listing_date":[""],"_thumbnail_id":["22765"],"houzez_geolocation_lat":["0"],"houzez_geolocation_long":["0"],"fave_property_location":["0,0,0"],"fave_property_map":["1"],"fave_property_map_street_view":["hide"],"fave_property_id":["R\u00c9F. 4508"],"fave_energy_class":["D"],"fave_payment_status":["not_paid"],"fave_agent_display_option":["agent_info"],"fave_agents":["22704"],"fave_mortgage_cal":["0"],"_wpml_word_count":["{\"total\":275,\"to_translate\":{\"de\":275}}"],"_edit_lock":["1777495979:1"],"rank_math_seo_score":["3"],"_edit_last":["1"],"fave_property_images":["22766","22758","22762","22760","22754","22764","22756"],"fave_single_top_area":["global"],"fave_single_content_area":["global"],"_wpml_media_has_media":["1"],"houzez_manual_expire":["0"],"_houzez_expiration_date_status":["saved"],"rank_math_analytic_object_id":["349"],"_wpml_media_duplicate":["1"],"_wpml_media_featured":["1"],"houzez_total_property_views":["3"],"houzez_views_by_date":["a:1:{s:10:\"04-30-2026\";i:3;}"],"houzez_recently_viewed":["2026-04-30 13:25:28"]},"_links":{"self":[{"href":"https:\/\/mein-haus-in-frankreich.de\/fr\/wp-json\/wp\/v2\/properties\/22767","targetHints":{"allow":["GET"]}}],"collection":[{"href":"https:\/\/mein-haus-in-frankreich.de\/fr\/wp-json\/wp\/v2\/properties"}],"about":[{"href":"https:\/\/mein-haus-in-frankreich.de\/fr\/wp-json\/wp\/v2\/types\/property"}],"author":[{"embeddable":true,"href":"https:\/\/mein-haus-in-frankreich.de\/fr\/wp-json\/wp\/v2\/users\/473"}],"version-history":[{"count":1,"href":"https:\/\/mein-haus-in-frankreich.de\/fr\/wp-json\/wp\/v2\/properties\/22767\/revisions"}],"predecessor-version":[{"id":22794,"href":"https:\/\/mein-haus-in-frankreich.de\/fr\/wp-json\/wp\/v2\/properties\/22767\/revisions\/22794"}],"wp:featuredmedia":[{"embeddable":true,"href":"https:\/\/mein-haus-in-frankreich.de\/fr\/wp-json\/wp\/v2\/media\/22765"}],"wp:attachment":[{"href":"https:\/\/mein-haus-in-frankreich.de\/fr\/wp-json\/wp\/v2\/media?parent=22767"}],"wp:term":[{"taxonomy":"property_type","embeddable":true,"href":"https:\/\/mein-haus-in-frankreich.de\/fr\/wp-json\/wp\/v2\/property_type?post=22767"},{"taxonomy":"property_status","embeddable":true,"href":"https:\/\/mein-haus-in-frankreich.de\/fr\/wp-json\/wp\/v2\/property_status?post=22767"},{"taxonomy":"property_feature","embeddable":true,"href":"https:\/\/mein-haus-in-frankreich.de\/fr\/wp-json\/wp\/v2\/property_feature?post=22767"},{"taxonomy":"property_label","embeddable":true,"href":"https:\/\/mein-haus-in-frankreich.de\/fr\/wp-json\/wp\/v2\/property_label?post=22767"},{"taxonomy":"property_country","embeddable":true,"href":"https:\/\/mein-haus-in-frankreich.de\/fr\/wp-json\/wp\/v2\/property_country?post=22767"},{"taxonomy":"property_state","embeddable":true,"href":"https:\/\/mein-haus-in-frankreich.de\/fr\/wp-json\/wp\/v2\/property_state?post=22767"},{"taxonomy":"property_city","embeddable":true,"href":"https:\/\/mein-haus-in-frankreich.de\/fr\/wp-json\/wp\/v2\/property_city?post=22767"}],"curies":[{"name":"wp","href":"https:\/\/api.w.org\/{rel}","templated":true}]}}