{"id":22778,"date":"2026-04-29T20:29:33","date_gmt":"2026-04-29T20:29:33","guid":{"rendered":"https:\/\/mein-haus-in-frankreich.de\/?post_type=property&#038;p=22778"},"modified":"2026-04-29T20:29:36","modified_gmt":"2026-04-29T20:29:36","slug":"mmobilier-menton-a-vendre-villa-belle-epoque-avec-jardin-piscine-et-vue-mer-panoramique","status":"publish","type":"property","link":"https:\/\/mein-haus-in-frankreich.de\/fr\/Immobilien-Frankreich\/mmobilier-menton-a-vendre-villa-belle-epoque-avec-jardin-piscine-et-vue-mer-panoramique\/","title":{"rendered":"MMOBILIER MENTON &#8211; A vendre, villa Belle Epoque avec jardin, piscine et vue mer panoramique"},"content":{"rendered":"<p>Tout le charme d&#8217;antan pour cette magnifique villa Belle Epoque, une demeure d&#8217;exception situ\u00e9e dans un quartier central, calme et r\u00e9sidentiel. Ensoleill\u00e9e et intime, la villa offre plus de dix pi\u00e8ces, un beau jardin, une relaxante piscine, un studio ind\u00e9pendant et des emplacements couverts pour plusieurs voitures. Splendide vue panoramique mer et collines. Un produit rare!<br \/>\nClasse \u00e9nerg\u00e9tique &#8220;D&#8221;.<br \/>\nHonoraires d&#8217;agence inclus \u00e0 la charge du vendeur.<br \/>\nLes informations sur les risques auxquels ce bien est expos\u00e9 sont disponibles sur le site Georisques : georisques.gouv.fr.<\/p>\n","protected":false},"excerpt":{"rendered":"<p>Tout le charme d&#8217;antan pour cette magnifique villa Belle Epoque, une demeure d&#8217;exception situ\u00e9e dans un quartier central, calme et r\u00e9sidentiel. Ensoleill\u00e9e et intime, la villa offre plus de dix pi\u00e8ces, un beau jardin, une relaxante piscine, un studio ind\u00e9pendant et des emplacements couverts pour plusieurs voitures. Splendide vue panoramique mer et collines. Un produit [&hellip;]<\/p>\n","protected":false},"author":473,"featured_media":22770,"parent":0,"menu_order":0,"template":"","property_type":[182],"property_status":[122],"property_feature":[],"property_label":[],"property_country":[125],"property_state":[292],"property_city":[294],"class_list":["post-22778","property","type-property","status-publish","has-post-thumbnail","hentry","property_type-villa-fr","property_status-a-vendre","property_country-france-fr-2","property_state-292","property_city-menton"],"property_meta":{"rank_math_internal_links_processed":["1"],"_alp_processed":["1777494577"],"fave_property_bathrooms":["5"],"fave_property_bedrooms":["7"],"fave_property_rooms":["10"],"fave_property_size":["450"],"fave_property_size_prefix":["m\u00b2"],"fave_property_land_postfix":["m\u00b2"],"fave_property_year":["1901"],"fave_property_price":["3180000"],"fave_show_price_placeholder":["0"],"fave_featured":["0"],"houzez_featured_listing_date":[""],"_thumbnail_id":["22770"],"houzez_geolocation_lat":["0"],"houzez_geolocation_long":["0"],"fave_property_location":["0,0,0"],"fave_property_map":["1"],"fave_property_map_street_view":["hide"],"fave_property_id":["R\u00c9F. 3572"],"fave_energy_class":["E"],"fave_payment_status":["not_paid"],"fave_agent_display_option":["agent_info"],"fave_agents":["22704"],"fave_mortgage_cal":["0"],"_wpml_word_count":["{\"total\":133,\"to_translate\":{\"de\":133}}"],"_edit_lock":["1777494596:1"],"rank_math_seo_score":["6"],"_edit_last":["1"],"fave_property_images":["22770","22772","22776","22774"],"fave_single_top_area":["global"],"fave_single_content_area":["global"],"_wpml_media_has_media":["1"],"houzez_manual_expire":["0"],"_houzez_expiration_date_status":["saved"],"rank_math_analytic_object_id":["347"],"_wpml_media_duplicate":["1"],"_wpml_media_featured":["1"],"houzez_total_property_views":["4"],"houzez_views_by_date":["a:1:{s:10:\"04-30-2026\";i:4;}"],"houzez_recently_viewed":["2026-04-30 13:38:33"]},"_links":{"self":[{"href":"https:\/\/mein-haus-in-frankreich.de\/fr\/wp-json\/wp\/v2\/properties\/22778","targetHints":{"allow":["GET"]}}],"collection":[{"href":"https:\/\/mein-haus-in-frankreich.de\/fr\/wp-json\/wp\/v2\/properties"}],"about":[{"href":"https:\/\/mein-haus-in-frankreich.de\/fr\/wp-json\/wp\/v2\/types\/property"}],"author":[{"embeddable":true,"href":"https:\/\/mein-haus-in-frankreich.de\/fr\/wp-json\/wp\/v2\/users\/473"}],"version-history":[{"count":1,"href":"https:\/\/mein-haus-in-frankreich.de\/fr\/wp-json\/wp\/v2\/properties\/22778\/revisions"}],"predecessor-version":[{"id":22785,"href":"https:\/\/mein-haus-in-frankreich.de\/fr\/wp-json\/wp\/v2\/properties\/22778\/revisions\/22785"}],"wp:featuredmedia":[{"embeddable":true,"href":"https:\/\/mein-haus-in-frankreich.de\/fr\/wp-json\/wp\/v2\/media\/22770"}],"wp:attachment":[{"href":"https:\/\/mein-haus-in-frankreich.de\/fr\/wp-json\/wp\/v2\/media?parent=22778"}],"wp:term":[{"taxonomy":"property_type","embeddable":true,"href":"https:\/\/mein-haus-in-frankreich.de\/fr\/wp-json\/wp\/v2\/property_type?post=22778"},{"taxonomy":"property_status","embeddable":true,"href":"https:\/\/mein-haus-in-frankreich.de\/fr\/wp-json\/wp\/v2\/property_status?post=22778"},{"taxonomy":"property_feature","embeddable":true,"href":"https:\/\/mein-haus-in-frankreich.de\/fr\/wp-json\/wp\/v2\/property_feature?post=22778"},{"taxonomy":"property_label","embeddable":true,"href":"https:\/\/mein-haus-in-frankreich.de\/fr\/wp-json\/wp\/v2\/property_label?post=22778"},{"taxonomy":"property_country","embeddable":true,"href":"https:\/\/mein-haus-in-frankreich.de\/fr\/wp-json\/wp\/v2\/property_country?post=22778"},{"taxonomy":"property_state","embeddable":true,"href":"https:\/\/mein-haus-in-frankreich.de\/fr\/wp-json\/wp\/v2\/property_state?post=22778"},{"taxonomy":"property_city","embeddable":true,"href":"https:\/\/mein-haus-in-frankreich.de\/fr\/wp-json\/wp\/v2\/property_city?post=22778"}],"curies":[{"name":"wp","href":"https:\/\/api.w.org\/{rel}","templated":true}]}}